{"id":42,"date":"2017-12-01T14:09:57","date_gmt":"2017-12-01T13:09:57","guid":{"rendered":"http:\/\/protestants-amay.be\/?page_id=42"},"modified":"2022-07-05T13:48:40","modified_gmt":"2022-07-05T11:48:40","slug":"notre-eglise-l-eglise-protestante-unie-de-belgique","status":"publish","type":"page","link":"http:\/\/protestants-amay.be\/","title":{"rendered":"Notre \u00c9glise &#038; l\u2019 \u00c9glise Protestante Unie de Belgique"},"content":{"rendered":"<p><strong>\u00a0<\/strong><\/p>\n<p>Aujourd\u2019hui paroisse autonome, l\u2019\u00e9glise protestante d\u2019Amay est membre de l\u2019\u00c9glise Protestante Unie de Belgique (\u00c9PUB) dont le culte est reconnu par les pouvoirs publics depuis 1839. Depuis 1997, la paroisse d&#8217;Amay b\u00e9n\u00e9ficie d&#8217;un poste pastoral reconnu.<\/p>\n<p>L\u2019\u00c9PUB regroupe en son sein une centaine de paroisses avec une large diversit\u00e9 d\u2019orientations th\u00e9ologiques. Son si\u00e8ge est situ\u00e9 \u00e0 Bruxelles, 44 Rue Brogniez. Elle comporte de nombreux services, commissions et groupes de travail : Service jeunesse, Cat\u00e9ch\u00e8se, R\u00e9flexion et dialogue, \u00c9glise dans la soci\u00e9t\u00e9, Relations interreligieuses, etc.<\/p>\n<p>Chaque paroisse locale dispose d\u2019une grande autonomie. Elle est g\u00e9r\u00e9e par un coll\u00e8ge d\u2019hommes et de femmes appel\u00e9 consistoire dont les membres sont \u00e9lus par l\u2019assembl\u00e9e d\u2019\u00e9glise compos\u00e9e des membres votants. Cette assembl\u00e9e se tient au moins une fois par an.<br \/>\nLa paroisse \u00e9tant reconnue, l\u2019Assembl\u00e9e d\u2019\u00e9glise \u00e9lit \u00e9galement un Conseil d\u2019Administration charg\u00e9 de g\u00e9rer les biens temporels et les relations avec les pouvoirs publics en \u00e9troite collaboration avec le consistoire.<\/p>\n","protected":false},"excerpt":{"rendered":"<p>\u00a0 Aujourd\u2019hui paroisse autonome, l\u2019\u00e9glise protestante d\u2019Amay est membre de l\u2019\u00c9glise Protestante Unie de Belgique (\u00c9PUB) dont le culte est reconnu par les pouvoirs publics depuis 1839. Depuis 1997, la paroisse d&#8217;Amay b\u00e9n\u00e9ficie d&#8217;un poste pastoral reconnu. L\u2019\u00c9PUB regroupe en son sein une centaine de paroisses avec une large diversit\u00e9 d\u2019orientations th\u00e9ologiques. Son si\u00e8ge est &hellip; <\/p>\n<p class=\"link-more\"><a href=\"http:\/\/protestants-amay.be\/\" class=\"more-link\">Continue reading<span class=\"screen-reader-text\"> &#8220;Notre \u00c9glise &#038; l\u2019 \u00c9glise Protestante Unie de Belgique&#8221;<\/span><\/a><\/p>\n","protected":false},"author":1,"featured_media":0,"parent":0,"menu_order":0,"comment_status":"closed","ping_status":"closed","template":"","meta":[],"_links":{"self":[{"href":"http:\/\/protestants-amay.be\/index.php\/wp-json\/wp\/v2\/pages\/42"}],"collection":[{"href":"http:\/\/protestants-amay.be\/index.php\/wp-json\/wp\/v2\/pages"}],"about":[{"href":"http:\/\/protestants-amay.be\/index.php\/wp-json\/wp\/v2\/types\/page"}],"author":[{"embeddable":true,"href":"http:\/\/protestants-amay.be\/index.php\/wp-json\/wp\/v2\/users\/1"}],"replies":[{"embeddable":true,"href":"http:\/\/protestants-amay.be\/index.php\/wp-json\/wp\/v2\/comments?post=42"}],"version-history":[{"count":13,"href":"http:\/\/protestants-amay.be\/index.php\/wp-json\/wp\/v2\/pages\/42\/revisions"}],"predecessor-version":[{"id":181,"href":"http:\/\/protestants-amay.be\/index.php\/wp-json\/wp\/v2\/pages\/42\/revisions\/181"}],"wp:attachment":[{"href":"http:\/\/protestants-amay.be\/index.php\/wp-json\/wp\/v2\/media?parent=42"}],"curies":[{"name":"wp","href":"https:\/\/api.w.org\/{rel}","templated":true}]}}